{"id":4177,"date":"2022-01-11T09:50:01","date_gmt":"2022-01-11T09:50:01","guid":{"rendered":"https:\/\/www.pisan.es\/proyecto\/pla-especial-de-ordenacio-camping-can-tarres-seva-osona\/"},"modified":"2022-01-11T09:50:01","modified_gmt":"2022-01-11T09:50:01","slug":"pla-especial-de-ordenacio-camping-can-tarres-seva-osona","status":"publish","type":"proyecto","link":"https:\/\/www.pisan.es\/ca\/projectes\/pla-especial-de-ordenacio-camping-can-tarres-seva-osona\/","title":{"rendered":"CAMPING CAN TARRES \u2013 SEVA (OSONA)"},"content":{"rendered":"<p>En aquesta finca, ubicada a Seva, comarca d&#8217;Osona, on el bosc de roures martinenc i d&#8217;alzines dona pas a una clariana, i el terreny forma unes terrasses naturals m\u00e9s o menys planes, s&#8217;aprofita doncs aquest espai obert per ubicar el c\u00e0mping, adaptant-lo al terreny natural. L&#8217;objectiu d&#8217;aquest Pla Especial \u00e9s definir i ordenar l&#8217;empla\u00e7ament d&#8217;un c\u00e0mping a la parcel\u00b7la de refer\u00e8ncia per desig de la propietat i complint el planejament vigent on es preveuen condicions d&#8217;\u00fas per a la finca del Mas Tarr\u00e9s compatibles amb aquesta. D&#8217;una finca r\u00fastica de 566.450,00 m\u00b2 d&#8217;extensi\u00f3, anomenada Camps de Terrers de Serrassola, majorit\u00e0riament \u00e9s una zona boscosa excepte on es proposa la situaci\u00f3 del c\u00e0mping, en una \u00e0rea de 44.411,00 m\u00b2, formant terrasses naturals des de la zona m\u00e9s elevada, l&#8217;acc\u00e9s des de la carretera fins a la zona m\u00e9s deprimida, on se situa el Torrent el Gurri. Aquestes terrasses naturals que baixen de sud-est cap a nord-oest, s&#8217;aprofiten per empla\u00e7ar les parcel\u00b7les destinades a l&#8217;acampada a la part m\u00e9s baixa, la zona dels bungalows a la m\u00e9s alta i m\u00e9s a prop de l&#8217;acc\u00e9s a la zona central, els diferents serveis del c\u00e0mping segons el programa establert per la propietat. Es distribueixen 10 bungalows en 3 plataformes a la part alta de la finca; per aquest avantprojecte s&#8217;ha fet servir el model Ali-6 de la casa GRUPOCID especialitzada en habitatges prefabricats de fusta.<\/p>\n","protected":false},"author":1,"featured_media":736,"template":"","cliente":[67],"servicio":[101,91],"sector":[109],"class_list":["post-4177","proyecto","type-proyecto","status-publish","has-post-thumbnail","hentry","cliente-inecor-trade-sl","servicio-plantejament-urbanistic","servicio-projectes","sector-urbanitzacions","entry","has-media"],"_links":{"self":[{"href":"https:\/\/www.pisan.es\/ca\/wp-json\/wp\/v2\/proyecto\/4177","targetHints":{"allow":["GET"]}}],"collection":[{"href":"https:\/\/www.pisan.es\/ca\/wp-json\/wp\/v2\/proyecto"}],"about":[{"href":"https:\/\/www.pisan.es\/ca\/wp-json\/wp\/v2\/types\/proyecto"}],"author":[{"embeddable":true,"href":"https:\/\/www.pisan.es\/ca\/wp-json\/wp\/v2\/users\/1"}],"wp:featuredmedia":[{"embeddable":true,"href":"https:\/\/www.pisan.es\/ca\/wp-json\/wp\/v2\/media\/736"}],"wp:attachment":[{"href":"https:\/\/www.pisan.es\/ca\/wp-json\/wp\/v2\/media?parent=4177"}],"wp:term":[{"taxonomy":"cliente","embeddable":true,"href":"https:\/\/www.pisan.es\/ca\/wp-json\/wp\/v2\/cliente?post=4177"},{"taxonomy":"servicio","embeddable":true,"href":"https:\/\/www.pisan.es\/ca\/wp-json\/wp\/v2\/servicio?post=4177"},{"taxonomy":"sector","embeddable":true,"href":"https:\/\/www.pisan.es\/ca\/wp-json\/wp\/v2\/sector?post=4177"}],"curies":[{"name":"wp","href":"https:\/\/api.w.org\/{rel}","templated":true}]}}